{"id":22219,"date":"2024-01-20T12:10:14","date_gmt":"2024-01-20T12:10:14","guid":{"rendered":"https:\/\/comapedrosaandorra.com\/la-prova-individual-race-de-comapedrosa-andorra-world-cup-arribara-al-pic-de-sanfons\/"},"modified":"2024-01-20T12:10:49","modified_gmt":"2024-01-20T12:10:49","slug":"individual-race-comapedrosa-andorra-world-cup-arribara-pic-de-sanfons","status":"publish","type":"page","link":"https:\/\/comapedrosaandorra.com\/en\/individual-race-comapedrosa-andorra-world-cup-arribara-pic-de-sanfons\/","title":{"rendered":"La prova Individual Race de Comapedrosa Andorra World Cup arribar\u00e0 al Pic de Sanfons."},"content":{"rendered":"<p><strong>Despr\u00e9s de la inspecci\u00f3 d&#8217;avui, l&#8217;equip organitzador de la Copa del M\u00f3n confirma que les condicions actuals del circuit de la Individual race s\u00f3n \u00f2ptimes i immillorables per arribar al Pic de Sanfons en aquest moment. Un assoliment in\u00e8dit, ja que \u00e9s la primera vegada, en totes les edicions de la Comapedrosa Andorra, que aquesta prova arribar\u00e0 una altitud tan elevada.<\/strong><\/p>\n<p>El proper 20 de gener, el sector d\u2019Arinsal acollir\u00e0 una de les proves m\u00e9s impactants del cap de setmana de Copa del M\u00f3n: l\u2019Individual Race. L\u2019\u00faltima precipitaci\u00f3 no va afectar el recorregut, ja que a la part alta del sector, hi van caure uns cent\u00edmetres en forma de neu que han perm\u00e8s millorar les condicions i estabilitzar el terreny. Per primera vegada, la Individual race de la Comapedrosa Andorra podr\u00e0 passar per un dels pics m\u00e9s alts del pa\u00eds. <strong>\u00a0<\/strong><\/p>\n<p>El circuit escollit ha estat l\u2019A5, un recorregut amb punt de partida al domini esquiable del sector d\u2019Arinsal a 2300 metres, passant, per primera vegada pel Pic de Sanfons a 2890 metres. Tal com l\u2019ha definit aquest mat\u00ed el director de la prova, Carlo Ferrari, \u201ces tracta d\u2019un recorregut amb condicions fant\u00e0stiques i podr\u00e0 ser un dels millors realitzarem fins ara.\u201d Ferrari ha adm\u00e8s que la combinaci\u00f3 de sol, pluja, regel i neu, han deixat un itinerari i la muntanya del Parc Natural del Comapedrosa amb unes condicions \u00f2ptimes. Els corredors finalitzaran, com ja \u00e9s habitual, el recorregut al punt de partida, al Xalet Igloo.<\/p>\n<p>Durant el dia de dem\u00e0, s&#8217;esperen precipitacions que puguin deixar gruixos d&#8217;entre 10 i 20 cm de neu. Si aix\u00f2 es compleix, l&#8217;itinerari mantindr\u00e0 les seves condicions i fins i tot es podrien millorar. No es preveuen canvis en el recorregut, tot i que l&#8217;equip organitzador, disposa d&#8217;un pla alternatiu en cas d&#8217;una major precipitaci\u00f3.<\/p>\n<p>&nbsp;<\/p>\n<p><strong>INAUGURACI\u00d3 DE LA COMAPEDROSA ANDORRA, DIVENDRES 19 DE GENER <\/strong><\/p>\n<p>Dem\u00e0 comen\u00e7a a Arinsal la Copa del M\u00f3n ISMF Comapedrosa Andorra. El pa\u00eds, acollir\u00e0 la 13\u00aa edici\u00f3 i comptar\u00e0 amb la pres\u00e8ncia de m\u00e9s de 100 corredors per dia procedents de 17 pa\u00efsos. A les <strong>17h del divendres<\/strong>, se celebrar\u00e0 la <strong>cerim\u00f2nia d\u2019obertura<\/strong> i l\u2019entrega dels dorsals top 5 mascul\u00ed i femen\u00ed de l\u2019Individual.<\/p>\n","protected":false},"excerpt":{"rendered":"<p>Despr\u00e9s de la inspecci\u00f3 d&#8217;avui, l&#8217;equip organitzador de la Copa del M\u00f3n confirma que les condicions actuals del circuit de la Individual race s\u00f3n \u00f2ptimes i immillorables per arribar al Pic de Sanfons en aquest moment. Un assoliment in\u00e8dit, ja que \u00e9s la primera vegada, en totes les edicions de la Comapedrosa Andorra, que aquesta [&hellip;]<\/p>\n","protected":false},"author":2,"featured_media":22217,"parent":0,"menu_order":0,"comment_status":"closed","ping_status":"closed","template":"","meta":{"footnotes":""},"class_list":["post-22219","page","type-page","status-publish","has-post-thumbnail","hentry"],"yoast_head":"<!-- This site is optimized with the Yoast SEO plugin v26.4 - https:\/\/yoast.com\/wordpress\/plugins\/seo\/ -->\n<title>La prova Individual Race de Comapedrosa Andorra World Cup arribar\u00e0 al Pic de Sanfons. - Comapedrosa Andorra<\/title>\n<meta name=\"robots\" content=\"index, follow, max-snippet:-1, max-image-preview:large, max-video-preview:-1\" \/>\n<link rel=\"canonical\" href=\"https:\/\/comapedrosaandorra.com\/en\/individual-race-comapedrosa-andorra-world-cup-arribara-pic-de-sanfons\/\" \/>\n<meta property=\"og:locale\" content=\"en_US\" \/>\n<meta property=\"og:type\" content=\"article\" \/>\n<meta property=\"og:title\" content=\"La prova Individual Race de Comapedrosa Andorra World Cup arribar\u00e0 al Pic de Sanfons. - Comapedrosa Andorra\" \/>\n<meta property=\"og:description\" content=\"Despr\u00e9s de la inspecci\u00f3 d&#8217;avui, l&#8217;equip organitzador de la Copa del M\u00f3n confirma que les condicions actuals del circuit de la Individual race s\u00f3n \u00f2ptimes i immillorables per arribar al Pic de Sanfons en aquest moment. Un assoliment in\u00e8dit, ja que \u00e9s la primera vegada, en totes les edicions de la Comapedrosa Andorra, que aquesta [&hellip;]\" \/>\n<meta property=\"og:url\" content=\"https:\/\/comapedrosaandorra.com\/en\/individual-race-comapedrosa-andorra-world-cup-arribara-pic-de-sanfons\/\" \/>\n<meta property=\"og:site_name\" content=\"Comapedrosa Andorra\" \/>\n<meta property=\"article:modified_time\" content=\"2024-01-20T12:10:49+00:00\" \/>\n<meta property=\"og:image\" content=\"https:\/\/comapedrosaandorra.com\/wp-content\/uploads\/2024\/01\/Foto-18-1-24-20-37-07.jpg\" \/>\n\t<meta property=\"og:image:width\" content=\"1152\" \/>\n\t<meta property=\"og:image:height\" content=\"648\" \/>\n\t<meta property=\"og:image:type\" content=\"image\/jpeg\" \/>\n<meta name=\"twitter:card\" content=\"summary_large_image\" \/>\n<meta name=\"twitter:label1\" content=\"Est. reading time\" \/>\n\t<meta name=\"twitter:data1\" content=\"3 minutes\" \/>\n<script type=\"application\/ld+json\" class=\"yoast-schema-graph\">{\"@context\":\"https:\/\/schema.org\",\"@graph\":[{\"@type\":\"WebPage\",\"@id\":\"https:\/\/comapedrosaandorra.com\/en\/individual-race-comapedrosa-andorra-world-cup-arribara-pic-de-sanfons\/\",\"url\":\"https:\/\/comapedrosaandorra.com\/en\/individual-race-comapedrosa-andorra-world-cup-arribara-pic-de-sanfons\/\",\"name\":\"La prova Individual Race de Comapedrosa Andorra World Cup arribar\u00e0 al Pic de Sanfons. - Comapedrosa Andorra\",\"isPartOf\":{\"@id\":\"https:\/\/comapedrosaandorra.com\/#website\"},\"primaryImageOfPage\":{\"@id\":\"https:\/\/comapedrosaandorra.com\/en\/individual-race-comapedrosa-andorra-world-cup-arribara-pic-de-sanfons\/#primaryimage\"},\"image\":{\"@id\":\"https:\/\/comapedrosaandorra.com\/en\/individual-race-comapedrosa-andorra-world-cup-arribara-pic-de-sanfons\/#primaryimage\"},\"thumbnailUrl\":\"https:\/\/comapedrosaandorra.com\/wp-content\/uploads\/2024\/01\/Foto-18-1-24-20-37-07.jpg\",\"datePublished\":\"2024-01-20T12:10:14+00:00\",\"dateModified\":\"2024-01-20T12:10:49+00:00\",\"breadcrumb\":{\"@id\":\"https:\/\/comapedrosaandorra.com\/en\/individual-race-comapedrosa-andorra-world-cup-arribara-pic-de-sanfons\/#breadcrumb\"},\"inLanguage\":\"en-US\",\"potentialAction\":[{\"@type\":\"ReadAction\",\"target\":[\"https:\/\/comapedrosaandorra.com\/en\/individual-race-comapedrosa-andorra-world-cup-arribara-pic-de-sanfons\/\"]}]},{\"@type\":\"ImageObject\",\"inLanguage\":\"en-US\",\"@id\":\"https:\/\/comapedrosaandorra.com\/en\/individual-race-comapedrosa-andorra-world-cup-arribara-pic-de-sanfons\/#primaryimage\",\"url\":\"https:\/\/comapedrosaandorra.com\/wp-content\/uploads\/2024\/01\/Foto-18-1-24-20-37-07.jpg\",\"contentUrl\":\"https:\/\/comapedrosaandorra.com\/wp-content\/uploads\/2024\/01\/Foto-18-1-24-20-37-07.jpg\",\"width\":1152,\"height\":648},{\"@type\":\"BreadcrumbList\",\"@id\":\"https:\/\/comapedrosaandorra.com\/en\/individual-race-comapedrosa-andorra-world-cup-arribara-pic-de-sanfons\/#breadcrumb\",\"itemListElement\":[{\"@type\":\"ListItem\",\"position\":1,\"name\":\"Inici\",\"item\":\"https:\/\/comapedrosaandorra.com\/\"},{\"@type\":\"ListItem\",\"position\":2,\"name\":\"La prova Individual Race de Comapedrosa Andorra World Cup arribar\u00e0 al Pic de Sanfons.\"}]},{\"@type\":\"WebSite\",\"@id\":\"https:\/\/comapedrosaandorra.com\/#website\",\"url\":\"https:\/\/comapedrosaandorra.com\/\",\"name\":\"Comapedrosa Andorra\",\"description\":\"Copa del M\u00f3n d&#039;Esqu\u00ed de Muntanya Andorra\",\"publisher\":{\"@id\":\"https:\/\/comapedrosaandorra.com\/#organization\"},\"potentialAction\":[{\"@type\":\"SearchAction\",\"target\":{\"@type\":\"EntryPoint\",\"urlTemplate\":\"https:\/\/comapedrosaandorra.com\/?s={search_term_string}\"},\"query-input\":{\"@type\":\"PropertyValueSpecification\",\"valueRequired\":true,\"valueName\":\"search_term_string\"}}],\"inLanguage\":\"en-US\"},{\"@type\":\"Organization\",\"@id\":\"https:\/\/comapedrosaandorra.com\/#organization\",\"name\":\"Comapedrosa Andorra\",\"url\":\"https:\/\/comapedrosaandorra.com\/\",\"logo\":{\"@type\":\"ImageObject\",\"inLanguage\":\"en-US\",\"@id\":\"https:\/\/comapedrosaandorra.com\/#\/schema\/logo\/image\/\",\"url\":\"https:\/\/comapedrosaandorra.com\/wp-content\/uploads\/2021\/10\/cropped-Logo_ComapedrosaAndorraISMF.jpg\",\"contentUrl\":\"https:\/\/comapedrosaandorra.com\/wp-content\/uploads\/2021\/10\/cropped-Logo_ComapedrosaAndorraISMF.jpg\",\"width\":2256,\"height\":647,\"caption\":\"Comapedrosa Andorra\"},\"image\":{\"@id\":\"https:\/\/comapedrosaandorra.com\/#\/schema\/logo\/image\/\"}}]}<\/script>\n<!-- \/ Yoast SEO plugin. -->","yoast_head_json":{"title":"La prova Individual Race de Comapedrosa Andorra World Cup arribar\u00e0 al Pic de Sanfons. - Comapedrosa Andorra","robots":{"index":"index","follow":"follow","max-snippet":"max-snippet:-1","max-image-preview":"max-image-preview:large","max-video-preview":"max-video-preview:-1"},"canonical":"https:\/\/comapedrosaandorra.com\/en\/individual-race-comapedrosa-andorra-world-cup-arribara-pic-de-sanfons\/","og_locale":"en_US","og_type":"article","og_title":"La prova Individual Race de Comapedrosa Andorra World Cup arribar\u00e0 al Pic de Sanfons. - Comapedrosa Andorra","og_description":"Despr\u00e9s de la inspecci\u00f3 d&#8217;avui, l&#8217;equip organitzador de la Copa del M\u00f3n confirma que les condicions actuals del circuit de la Individual race s\u00f3n \u00f2ptimes i immillorables per arribar al Pic de Sanfons en aquest moment. Un assoliment in\u00e8dit, ja que \u00e9s la primera vegada, en totes les edicions de la Comapedrosa Andorra, que aquesta [&hellip;]","og_url":"https:\/\/comapedrosaandorra.com\/en\/individual-race-comapedrosa-andorra-world-cup-arribara-pic-de-sanfons\/","og_site_name":"Comapedrosa Andorra","article_modified_time":"2024-01-20T12:10:49+00:00","og_image":[{"width":1152,"height":648,"url":"https:\/\/comapedrosaandorra.com\/wp-content\/uploads\/2024\/01\/Foto-18-1-24-20-37-07.jpg","type":"image\/jpeg"}],"twitter_card":"summary_large_image","twitter_misc":{"Est. reading time":"3 minutes"},"schema":{"@context":"https:\/\/schema.org","@graph":[{"@type":"WebPage","@id":"https:\/\/comapedrosaandorra.com\/en\/individual-race-comapedrosa-andorra-world-cup-arribara-pic-de-sanfons\/","url":"https:\/\/comapedrosaandorra.com\/en\/individual-race-comapedrosa-andorra-world-cup-arribara-pic-de-sanfons\/","name":"La prova Individual Race de Comapedrosa Andorra World Cup arribar\u00e0 al Pic de Sanfons. - Comapedrosa Andorra","isPartOf":{"@id":"https:\/\/comapedrosaandorra.com\/#website"},"primaryImageOfPage":{"@id":"https:\/\/comapedrosaandorra.com\/en\/individual-race-comapedrosa-andorra-world-cup-arribara-pic-de-sanfons\/#primaryimage"},"image":{"@id":"https:\/\/comapedrosaandorra.com\/en\/individual-race-comapedrosa-andorra-world-cup-arribara-pic-de-sanfons\/#primaryimage"},"thumbnailUrl":"https:\/\/comapedrosaandorra.com\/wp-content\/uploads\/2024\/01\/Foto-18-1-24-20-37-07.jpg","datePublished":"2024-01-20T12:10:14+00:00","dateModified":"2024-01-20T12:10:49+00:00","breadcrumb":{"@id":"https:\/\/comapedrosaandorra.com\/en\/individual-race-comapedrosa-andorra-world-cup-arribara-pic-de-sanfons\/#breadcrumb"},"inLanguage":"en-US","potentialAction":[{"@type":"ReadAction","target":["https:\/\/comapedrosaandorra.com\/en\/individual-race-comapedrosa-andorra-world-cup-arribara-pic-de-sanfons\/"]}]},{"@type":"ImageObject","inLanguage":"en-US","@id":"https:\/\/comapedrosaandorra.com\/en\/individual-race-comapedrosa-andorra-world-cup-arribara-pic-de-sanfons\/#primaryimage","url":"https:\/\/comapedrosaandorra.com\/wp-content\/uploads\/2024\/01\/Foto-18-1-24-20-37-07.jpg","contentUrl":"https:\/\/comapedrosaandorra.com\/wp-content\/uploads\/2024\/01\/Foto-18-1-24-20-37-07.jpg","width":1152,"height":648},{"@type":"BreadcrumbList","@id":"https:\/\/comapedrosaandorra.com\/en\/individual-race-comapedrosa-andorra-world-cup-arribara-pic-de-sanfons\/#breadcrumb","itemListElement":[{"@type":"ListItem","position":1,"name":"Inici","item":"https:\/\/comapedrosaandorra.com\/"},{"@type":"ListItem","position":2,"name":"La prova Individual Race de Comapedrosa Andorra World Cup arribar\u00e0 al Pic de Sanfons."}]},{"@type":"WebSite","@id":"https:\/\/comapedrosaandorra.com\/#website","url":"https:\/\/comapedrosaandorra.com\/","name":"Comapedrosa Andorra","description":"Copa del M\u00f3n d&#039;Esqu\u00ed de Muntanya Andorra","publisher":{"@id":"https:\/\/comapedrosaandorra.com\/#organization"},"potentialAction":[{"@type":"SearchAction","target":{"@type":"EntryPoint","urlTemplate":"https:\/\/comapedrosaandorra.com\/?s={search_term_string}"},"query-input":{"@type":"PropertyValueSpecification","valueRequired":true,"valueName":"search_term_string"}}],"inLanguage":"en-US"},{"@type":"Organization","@id":"https:\/\/comapedrosaandorra.com\/#organization","name":"Comapedrosa Andorra","url":"https:\/\/comapedrosaandorra.com\/","logo":{"@type":"ImageObject","inLanguage":"en-US","@id":"https:\/\/comapedrosaandorra.com\/#\/schema\/logo\/image\/","url":"https:\/\/comapedrosaandorra.com\/wp-content\/uploads\/2021\/10\/cropped-Logo_ComapedrosaAndorraISMF.jpg","contentUrl":"https:\/\/comapedrosaandorra.com\/wp-content\/uploads\/2021\/10\/cropped-Logo_ComapedrosaAndorraISMF.jpg","width":2256,"height":647,"caption":"Comapedrosa Andorra"},"image":{"@id":"https:\/\/comapedrosaandorra.com\/#\/schema\/logo\/image\/"}}]}},"_links":{"self":[{"href":"https:\/\/comapedrosaandorra.com\/en\/wp-json\/wp\/v2\/pages\/22219","targetHints":{"allow":["GET"]}}],"collection":[{"href":"https:\/\/comapedrosaandorra.com\/en\/wp-json\/wp\/v2\/pages"}],"about":[{"href":"https:\/\/comapedrosaandorra.com\/en\/wp-json\/wp\/v2\/types\/page"}],"author":[{"embeddable":true,"href":"https:\/\/comapedrosaandorra.com\/en\/wp-json\/wp\/v2\/users\/2"}],"replies":[{"embeddable":true,"href":"https:\/\/comapedrosaandorra.com\/en\/wp-json\/wp\/v2\/comments?post=22219"}],"version-history":[{"count":1,"href":"https:\/\/comapedrosaandorra.com\/en\/wp-json\/wp\/v2\/pages\/22219\/revisions"}],"predecessor-version":[{"id":22220,"href":"https:\/\/comapedrosaandorra.com\/en\/wp-json\/wp\/v2\/pages\/22219\/revisions\/22220"}],"wp:featuredmedia":[{"embeddable":true,"href":"https:\/\/comapedrosaandorra.com\/en\/wp-json\/wp\/v2\/media\/22217"}],"wp:attachment":[{"href":"https:\/\/comapedrosaandorra.com\/en\/wp-json\/wp\/v2\/media?parent=22219"}],"curies":[{"name":"wp","href":"https:\/\/api.w.org\/{rel}","templated":true}]}}